{"id":20230,"date":"2017-02-15T09:45:35","date_gmt":"2017-02-15T14:45:35","guid":{"rendered":"http:\/\/portal.compraspublicas.gob.ec\/sercop\/?page_id=20230"},"modified":"2024-11-28T12:36:25","modified_gmt":"2024-11-28T17:36:25","slug":"confeccion-textil-incoporacion-productos-prendas-de-vestir","status":"publish","type":"page","link":"https:\/\/portal.compraspublicas.gob.ec\/sercop\/confeccion-textil-incoporacion-productos-prendas-de-vestir\/","title":{"rendered":"Confecci\u00f3n textil &#8211; Incorporaci\u00f3n Productos (Prendas de vestir)"},"content":{"rendered":"<p style=\"text-align: justify; display:flex\"><img loading=\"lazy\" class=\"alignnone\" src=\"https:\/\/portal.compraspublicas.gob.ec\/sercop\/wp-content\/uploads\/2015\/07\/confeccion-de-banderas.png\" alt=\"\" width=\"722\" height=\"244\" \/><\/p>\n<p>Estimados Proveedores:<\/p>\n<p>La participaci\u00f3n al Cat\u00e1logo Inclusivo de \u201cProductos de Confecci\u00f3n Textil\u201d se encuentra <strong>SUSPENDIDO<\/strong> conforme lo dispone la Circular Nro. <a href=\"https:\/\/portal.compraspublicas.gob.ec\/sercop\/wp-content\/uploads\/2019\/09\/sercop-ctdc-2019-0061-c.pdf\"><strong>SERCOP-CTDC-2019-0061-C<\/strong><\/a><strong>\u00a0<\/strong>de\u00a019 de septiembre\u00a0de 2019<em>, <\/em>misma que entr\u00f3 en vigencia desde el\u00a001 de octubre\u00a0de 2019, y se mantiene vigente a la fecha.<\/p>\n<table width=\"407\">\n<tbody>\n<tr>\n<td style=\"text-align: center;\" width=\"193\"><strong>OFICIO CIRCULARES VIGENTES<\/strong><\/td>\n<td style=\"text-align: center;\" width=\"214\"><strong>OFICIOS CIRCULARES DEROGADOS<\/strong><\/td>\n<\/tr>\n<tr>\n<td width=\"193\"><a href=\"https:\/\/portal.compraspublicas.gob.ec\/sercop\/wp-content\/uploads\/2019\/01\/SERCOP-CDI-2018-007-ANEXOS.pdf\">SERCOP-CDI-2018-007<\/a><\/td>\n<td width=\"214\"><a href=\"https:\/\/portal.compraspublicas.gob.ec\/sercop\/wp-content\/uploads\/2019\/01\/SERCOP-CTCON-2018-Nro.001.pdf\">SERCOP-CTCON-2018-Nro 001<\/a><\/td>\n<\/tr>\n<tr>\n<td width=\"193\"><a href=\"https:\/\/portal.compraspublicas.gob.ec\/sercop\/wp-content\/uploads\/2019\/01\/SERCOP-CDI-2018-005.pdf\">SERCOP-CDI-2018-005<\/a><\/td>\n<td width=\"214\"><a href=\"https:\/\/portal.compraspublicas.gob.ec\/sercop\/wp-content\/uploads\/2019\/01\/SERCOP-CDI-2018-001.pdf\">SERCOP-CDI-2018-001<\/a><\/td>\n<\/tr>\n<tr>\n<td width=\"193\"><a href=\"https:\/\/portal.compraspublicas.gob.ec\/sercop\/wp-content\/uploads\/2019\/01\/SERCOP-CDI-2018-004.pdf\">SERCOP-CDI-2018-004<\/a><\/td>\n<td width=\"214\"><a href=\"https:\/\/portal.compraspublicas.gob.ec\/sercop\/wp-content\/uploads\/2019\/01\/sercop_cdi_2017_0113.pdf\">SERCOP-CDI-2017-0113<\/a><\/td>\n<\/tr>\n<tr>\n<td width=\"193\"><a href=\"https:\/\/portal.compraspublicas.gob.ec\/sercop\/wp-content\/uploads\/2019\/01\/SERCOP-CDI-2018-Nro-003.pdf\">SERCOP-CDI-2018-003<\/a><\/td>\n<td width=\"214\"><a href=\"https:\/\/portal.compraspublicas.gob.ec\/sercop\/wp-content\/uploads\/2019\/01\/SERCOP-CDI-2017-089.pdf\">SERCOP-CDI-2017-089<\/a><\/td>\n<\/tr>\n<tr>\n<td width=\"193\"><a href=\"https:\/\/portal.compraspublicas.gob.ec\/sercop\/wp-content\/uploads\/2019\/01\/SERCOP-CDI-2018-002.pdf\">SERCOP-CDI-2018-002<\/a><\/td>\n<td width=\"214\"><a href=\"https:\/\/portal.compraspublicas.gob.ec\/sercop\/wp-content\/uploads\/2019\/01\/oficio_circular_sercop_cdi_2017_055.pdf\">SERCOP-CDI-2017-055<\/a><\/td>\n<\/tr>\n<tr>\n<td width=\"193\"><a href=\"https:\/\/portal.compraspublicas.gob.ec\/sercop\/wp-content\/uploads\/2019\/01\/SERCOP-CDI-2017-005.pdf\">SERCOP-CDI-2017-005<\/a><\/td>\n<td width=\"214\"><a href=\"https:\/\/portal.compraspublicas.gob.ec\/sercop\/wp-content\/uploads\/2019\/01\/SERCOP-CDI-2016-0047.pdf\">SERCOP-CDI-2016-047<\/a><\/td>\n<\/tr>\n<tr>\n<td width=\"193\"><a href=\"https:\/\/portal.compraspublicas.gob.ec\/sercop\/wp-content\/uploads\/2019\/01\/OFICIO-CIRCULAR-No.-CDI-2016-0041.pdf\">SERCOP-CDI-2016-0041<\/a><\/td>\n<td width=\"214\"><a href=\"https:\/\/portal.compraspublicas.gob.ec\/sercop\/wp-content\/uploads\/2019\/01\/OFICIO_CIRCULAR_CDI-2016-0033.pdf\">SERCOP-CDI-2016-33<\/a><\/td>\n<\/tr>\n<tr>\n<td width=\"193\"><a href=\"https:\/\/portal.compraspublicas.gob.ec\/sercop\/wp-content\/uploads\/2019\/01\/OFICIO-CIRCULAR-CDI-2016-0121.pdf\">SERCOP-CDI-2016-0121<\/a><\/td>\n<td width=\"214\"><a href=\"https:\/\/portal.compraspublicas.gob.ec\/sercop\/wp-content\/uploads\/2019\/01\/OFICIO_CIRCULAR_CDI-2016-24_opt.pdf\">SERCOP-CDI-2016-24<\/a><\/td>\n<\/tr>\n<tr>\n<td width=\"193\"><a href=\"https:\/\/portal.compraspublicas.gob.ec\/sercop\/wp-content\/uploads\/2019\/01\/SERCOP-CDI-2017-0081.pdf\">SERCOP-CDI-2017-081<\/a><\/td>\n<td><\/td>\n<\/tr>\n<tr>\n<td width=\"193\"><a href=\"https:\/\/portal.compraspublicas.gob.ec\/sercop\/wp-content\/uploads\/2019\/01\/SERCOP-CDI-2017-095.pdf\">SERCOP-CDI-2017-095<\/a><\/td>\n<td><\/td>\n<\/tr>\n<tr>\n<td width=\"193\"><a href=\"https:\/\/portal.compraspublicas.gob.ec\/sercop\/wp-content\/uploads\/2019\/01\/SERCOP-CDI-2017-0075.pdf\">SERCOP-CDI-2017-075<\/a><\/td>\n<td><\/td>\n<\/tr>\n<tr>\n<td width=\"193\"><a href=\"https:\/\/portal.compraspublicas.gob.ec\/sercop\/wp-content\/uploads\/2019\/01\/SERCOP-CDI-2017-21.pdf\">SERCOP-CDI-2017-021<\/a><\/td>\n<td><\/td>\n<\/tr>\n<tr>\n<td width=\"193\"><a href=\"https:\/\/portal.compraspublicas.gob.ec\/sercop\/wp-content\/uploads\/2019\/01\/DC-2016-0068.pdf\">DC-2016-0068<\/a><\/td>\n<td><\/td>\n<\/tr>\n<\/tbody>\n<\/table>\n<p>&nbsp;<\/p>\n<table width=\"767\">\n<tbody>\n<tr>\n<td width=\"413\">NOMBRE DE PRODUCTO<\/td>\n<td width=\"152\">OFICIO CIRCULAR<\/td>\n<td width=\"122\">DOCUMENTOS<\/td>\n<td width=\"80\">ACTUALIZACIONES<\/td>\n<\/tr>\n<tr>\n<td><span style=\"color: #0000ff;\"><a style=\"color: #0000ff;\" href=\"https:\/\/portal.compraspublicas.gob.ec\/sercop\/wp-content\/uploads\/2017\/10\/1_PANTALONETA_DEPORTIVA.pdf\">PANTALONETA DEPORTIVA<\/a><\/span><\/td>\n<td width=\"152\"><span style=\"color: #0000ff;\"><a style=\"color: #0000ff;\" href=\"https:\/\/portal.compraspublicas.gob.ec\/sercop\/wp-content\/uploads\/2017\/10\/oficiocircular125.pdf\">SERCOP-CDI-2017-125<\/a><\/span><\/td>\n<td width=\"122\"><span style=\"color: #0000ff;\"><a style=\"color: #0000ff;\" href=\"https:\/\/portal.compraspublicas.gob.ec\/sercop\/wp-content\/uploads\/2017\/12\/manifestacion_interes_pan_cam1-1.doc\">Manifestaci\u00f3n de inter\u00e9s<\/a><\/span><\/td>\n<td><\/td>\n<\/tr>\n<tr>\n<td><span style=\"color: #0000ff;\"><a style=\"color: #0000ff;\" href=\"https:\/\/portal.compraspublicas.gob.ec\/sercop\/wp-content\/uploads\/2017\/10\/2_CAMISETA_CUELLO_REDONDO_EN_MANGA_CORTA_TIPO.pdf\">CAMISETA CUELLO REDONDO O EN V MANGA CORTA TIPO 2<\/a><\/span><\/td>\n<td width=\"152\"><span style=\"color: #0000ff;\"><a style=\"color: #0000ff;\" href=\"https:\/\/portal.compraspublicas.gob.ec\/sercop\/wp-content\/uploads\/2017\/10\/oficiocircular125.pdf\">SERCOP-CDI-2017-125<\/a><\/span><\/td>\n<td width=\"122\"><span style=\"color: #0000ff;\"><a style=\"color: #0000ff;\" href=\"https:\/\/portal.compraspublicas.gob.ec\/sercop\/wp-content\/uploads\/2017\/12\/manifestacion_interes_pan_cam1-1.doc\">Manifestaci\u00f3n de inter\u00e9s<\/a><\/span><\/td>\n<td><\/td>\n<\/tr>\n<tr>\n<td><span style=\"color: #0000ff;\"><a style=\"color: #0000ff;\" href=\"https:\/\/portal.compraspublicas.gob.ec\/sercop\/wp-content\/uploads\/2019\/01\/textil_prendas_de_vestir_30561.pdf\" target=\"_blank\" rel=\"noopener noreferrer\">Chompa impermeable con forro polar y bordados<\/a><\/span><\/td>\n<td width=\"152\"><span style=\"color: #0000ff;\"><a style=\"color: #0000ff;\" href=\"https:\/\/portal.compraspublicas.gob.ec\/sercop\/wp-content\/uploads\/2017\/07\/oficio-circular-101_chompa_impermeable_forro_polar_bordado.pdf\" target=\"_blank\" rel=\"noopener noreferrer\">SERCOP-CDI-2017-101<\/a><\/span><\/td>\n<td width=\"122\"><span style=\"color: #0000ff;\"><a style=\"color: #0000ff;\" href=\"https:\/\/portal.compraspublicas.gob.ec\/sercop\/wp-content\/uploads\/2017\/12\/manifestacion_interes_chompa_impermeable_con_forro_polar_y-bordados.doc\">Manifestaci\u00f3n de inter\u00e9s<\/a><\/span><\/td>\n<td><\/td>\n<\/tr>\n<tr>\n<td><span style=\"color: #0000ff;\"><a style=\"color: #0000ff;\" href=\"https:\/\/portal.compraspublicas.gob.ec\/sercop\/wp-content\/uploads\/2019\/01\/textil_prendas_de_vestir_30389.pdf\">Conjunto de vestir pantal\u00f3n con camisa o blusa<\/a><\/span><\/td>\n<td width=\"152\"><span style=\"color: #0000ff;\"><a style=\"color: #0000ff;\" href=\"https:\/\/portal.compraspublicas.gob.ec\/sercop\/wp-content\/uploads\/2017\/05\/Oficio_circular_84.pdf\">SERCOP-CDI-2017-084<\/a><\/span><\/td>\n<td width=\"122\"><span style=\"color: #0000ff;\"><a style=\"color: #0000ff;\" href=\"https:\/\/portal.compraspublicas.gob.ec\/sercop\/wp-content\/uploads\/2017\/12\/manifestacion_conjunto_pantalon_camisa_blusa1.doc\">Manifestaci\u00f3n de inter\u00e9s<\/a><\/span><\/td>\n<td><\/td>\n<\/tr>\n<tr>\n<td><span style=\"color: #0000ff;\"><a style=\"color: #0000ff;\" href=\"https:\/\/portal.compraspublicas.gob.ec\/sercop\/wp-content\/uploads\/2019\/01\/textil_prendas_de_vestir_30390.pdf\">Blusa con bolsillo y bordado<\/a><\/span><\/td>\n<td width=\"152\"><span style=\"color: #0000ff;\"><a style=\"color: #0000ff;\" href=\"https:\/\/portal.compraspublicas.gob.ec\/sercop\/wp-content\/uploads\/2017\/05\/Oficio_circular_079.pdf\">SERCOP-CDI-2017-079<\/a><\/span><\/td>\n<td width=\"122\"><span style=\"color: #0000ff;\"><a style=\"color: #0000ff;\" href=\"https:\/\/portal.compraspublicas.gob.ec\/sercop\/wp-content\/uploads\/2017\/12\/manifestacion_blusa_camisa_bolsillo_bordado.doc\">Manifestaci\u00f3n de inter\u00e9s<\/a><\/span><\/td>\n<td><\/td>\n<\/tr>\n<tr>\n<td><span style=\"color: #0000ff;\"><a style=\"color: #0000ff;\" href=\"https:\/\/portal.compraspublicas.gob.ec\/sercop\/wp-content\/uploads\/2019\/01\/textil_prendas_de_vestir_30391.pdf\">Camisa con bolsillo y bordado<\/a><\/span><\/td>\n<td width=\"152\"><span style=\"color: #0000ff;\"><a style=\"color: #0000ff;\" href=\"https:\/\/portal.compraspublicas.gob.ec\/sercop\/wp-content\/uploads\/2017\/05\/Oficio_circular_079.pdf\">SERCOP-CDI-2017-079<\/a><\/span><\/td>\n<td width=\"122\"><span style=\"color: #0000ff;\"><a style=\"color: #0000ff;\" href=\"https:\/\/portal.compraspublicas.gob.ec\/sercop\/wp-content\/uploads\/2017\/12\/manifestacion_blusa_camisa_bolsillo_bordado.doc\">Manifestaci\u00f3n de inter\u00e9s<\/a><\/span><\/td>\n<td><\/td>\n<\/tr>\n<tr>\n<td><span style=\"color: #0000ff;\"><a style=\"color: #0000ff;\" href=\"https:\/\/portal.compraspublicas.gob.ec\/sercop\/wp-content\/uploads\/2019\/01\/textil_prendas_de_vestir_30386.pdf\" target=\"_blank\" rel=\"noopener noreferrer\">Chompa de cuero con cinta reflectiva<\/a><\/span><\/td>\n<td width=\"152\"><span style=\"color: #0000ff;\"><a style=\"color: #0000ff;\" href=\"https:\/\/portal.compraspublicas.gob.ec\/sercop\/wp-content\/uploads\/2017\/04\/oficio_circular_2017_063.pdf\" target=\"_blank\" rel=\"noopener noreferrer\">SERCOP-CDI-2017-063<\/a><\/span><\/td>\n<td width=\"122\"><span style=\"color: #0000ff;\"><a style=\"color: #0000ff;\" href=\"https:\/\/portal.compraspublicas.gob.ec\/sercop\/wp-content\/uploads\/2017\/12\/manifestacion_interes_chompa_de_cuero_con_cinta_reflectiva.doc\">Manifestaci\u00f3n de inter\u00e9s<\/a><\/span><\/td>\n<td><span style=\"color: #0000ff;\"><a style=\"color: #0000ff;\" href=\"https:\/\/portal.compraspublicas.gob.ec\/sercop\/wp-content\/uploads\/2019\/01\/OFICIO_CIRCULAR_CDI-2016-0041.pdf\">SERCOP-CDI-2016-0041<\/a><\/span><\/td>\n<\/tr>\n<tr>\n<td><span style=\"color: #0000ff;\"><a style=\"color: #0000ff;\" href=\"https:\/\/portal.compraspublicas.gob.ec\/sercop\/wp-content\/uploads\/2019\/01\/textil_prendas_de_vestir_30385.pdf\">Camiseta manga larga 100% algod\u00f3n<\/a><\/span><\/td>\n<td width=\"152\"><span style=\"color: #0000ff;\"><a style=\"color: #0000ff;\" href=\"https:\/\/portal.compraspublicas.gob.ec\/sercop\/wp-content\/uploads\/2017\/04\/oficio_circular_pdf_054.pdf\">SERCOP-CDI-2017-054<\/a><\/span><\/td>\n<td width=\"122\"><span style=\"color: #0000ff;\"><a style=\"color: #0000ff;\" href=\"https:\/\/portal.compraspublicas.gob.ec\/sercop\/wp-content\/uploads\/2017\/12\/manifestacion_interes_camiseta_manga_larga_100_algodon.doc\">Manifestaci\u00f3n de inter\u00e9s<\/a><\/span><\/td>\n<td><\/td>\n<\/tr>\n<tr>\n<td><span style=\"color: #0000ff;\"><a style=\"color: #0000ff;\" href=\"https:\/\/portal.compraspublicas.gob.ec\/sercop\/wp-content\/uploads\/2019\/01\/textil_prendas_de_vestir_30384.pdf\">Pantal\u00f3n tipo safari o de cargo<\/a><\/span><\/td>\n<td width=\"152\"><span style=\"color: #0000ff;\"><a style=\"color: #0000ff;\" href=\"https:\/\/portal.compraspublicas.gob.ec\/sercop\/wp-content\/uploads\/2017\/04\/oficio_circular_2017_041-ecu.pdf\">SERCOP-CDI-2017-041<\/a><\/span><\/td>\n<td width=\"122\"><span style=\"color: #0000ff;\"><a style=\"color: #0000ff;\" href=\"https:\/\/portal.compraspublicas.gob.ec\/sercop\/wp-content\/uploads\/2017\/12\/manifestacion_interes_uniformes-ecu.doc\">Manifestaci\u00f3n de inter\u00e9s<\/a><\/span><\/td>\n<td><\/td>\n<\/tr>\n<tr>\n<td><a href=\"https:\/\/portal.compraspublicas.gob.ec\/sercop\/wp-content\/uploads\/2019\/01\/textil_prendas_de_vestir_30383-1.pdf\"><span style=\"color: #0000ff;\">Chompa reversible-impermeable\/con mangas desprendibles<\/span><\/a><\/td>\n<td width=\"152\"><span style=\"color: #0000ff;\"><a style=\"color: #0000ff;\" href=\"https:\/\/portal.compraspublicas.gob.ec\/sercop\/wp-content\/uploads\/2017\/04\/oficio_circular_2017_041-ecu.pdf\">SERCOP-CDI-2017-041<\/a><\/span><\/td>\n<td width=\"122\"><span style=\"color: #0000ff;\"><a style=\"color: #0000ff;\" href=\"https:\/\/portal.compraspublicas.gob.ec\/sercop\/wp-content\/uploads\/2017\/12\/manifestacion_interes_uniformes-ecu.doc\">Manifestaci\u00f3n de inter\u00e9s<\/a><\/span><\/td>\n<td><\/td>\n<\/tr>\n<tr>\n<td><span style=\"color: #0000ff;\"><a style=\"color: #0000ff;\" href=\"https:\/\/portal.compraspublicas.gob.ec\/sercop\/wp-content\/uploads\/2019\/01\/textil_prendas_de_vestir_30382.pdf\">Chompa reversible-impermeable\/polar con mangas desprendibles<\/a><\/span><\/td>\n<td width=\"152\"><span style=\"color: #0000ff;\"><a style=\"color: #0000ff;\" href=\"https:\/\/portal.compraspublicas.gob.ec\/sercop\/wp-content\/uploads\/2017\/04\/oficio_circular_2017_041-ecu.pdf\">SERCOP-CDI-2017-041<\/a><\/span><\/td>\n<td width=\"122\"><span style=\"color: #0000ff;\"><a style=\"color: #0000ff;\" href=\"https:\/\/portal.compraspublicas.gob.ec\/sercop\/wp-content\/uploads\/2017\/12\/manifestacion_interes_uniformes-ecu.doc\">Manifestaci\u00f3n de inter\u00e9s<\/a><\/span><\/td>\n<td><\/td>\n<\/tr>\n<tr>\n<td><span style=\"color: #0000ff;\"><a style=\"color: #0000ff;\" href=\"https:\/\/portal.compraspublicas.gob.ec\/sercop\/wp-content\/uploads\/2019\/01\/textil_prendas_de_vestir_30387.pdf\">Kit deportivo<\/a><\/span><\/td>\n<td width=\"152\"><span style=\"color: #0000ff;\"><a style=\"color: #0000ff;\" href=\"https:\/\/portal.compraspublicas.gob.ec\/sercop\/wp-content\/uploads\/2017\/04\/oficio_circular_044_20171.pdf\">SERCOP-CDI-2017-044<\/a><\/span><\/td>\n<td width=\"122\"><span style=\"color: #0000ff;\"><a style=\"color: #0000ff;\" href=\"https:\/\/portal.compraspublicas.gob.ec\/sercop\/wp-content\/uploads\/2017\/12\/manifestacion_interes_kit_deportivo.doc\">Manifestaci\u00f3n de inter\u00e9s<\/a><\/span><\/td>\n<td><\/td>\n<\/tr>\n<tr>\n<td><span style=\"color: #0000ff;\"><a style=\"color: #0000ff;\" href=\"https:\/\/portal.compraspublicas.gob.ec\/sercop\/wp-content\/uploads\/2019\/01\/textil_prendas_de_vestir_30168.pdf\">Gorra 6 paneles 100% algod\u00f3n<\/a><\/span><\/td>\n<td width=\"152\"><span style=\"color: #0000ff;\"><a style=\"color: #0000ff;\" href=\"https:\/\/portal.compraspublicas.gob.ec\/sercop\/wp-content\/uploads\/2017\/02\/cdi_2016_108_prenda_vestir_y_mochilas_bolsos1.pdf\">SERCOP-CDI-2016-0108<\/a><\/span><\/td>\n<td width=\"122\"><span style=\"color: #0000ff;\"><a style=\"color: #0000ff;\" href=\"https:\/\/portal.compraspublicas.gob.ec\/sercop\/wp-content\/uploads\/2017\/12\/manifestacion_de_interes_gorras.doc\">Manifestaci\u00f3n de inter\u00e9s<\/a><\/span><\/td>\n<td><\/td>\n<\/tr>\n<tr>\n<td><span style=\"color: #0000ff;\"><a style=\"color: #0000ff;\" href=\"https:\/\/portal.compraspublicas.gob.ec\/sercop\/wp-content\/uploads\/2019\/01\/textil_prendas_de_vestir_30169-1.pdf\">Gorra 6 paneles 65% poli\u00e9ster 35% algod\u00f3n<\/a><\/span><\/td>\n<td width=\"152\"><span style=\"color: #0000ff;\"><a style=\"color: #0000ff;\" href=\"https:\/\/portal.compraspublicas.gob.ec\/sercop\/wp-content\/uploads\/2017\/02\/cdi_2016_108_prenda_vestir_y_mochilas_bolsos1.pdf\">SERCOP-CDI-2016-0108<\/a><\/span><\/td>\n<td width=\"122\"><span style=\"color: #0000ff;\"><a style=\"color: #0000ff;\" href=\"https:\/\/portal.compraspublicas.gob.ec\/sercop\/wp-content\/uploads\/2017\/12\/manifestacion_de_interes_gorras.doc\">Manifestaci\u00f3n de inter\u00e9s<\/a><\/span><\/td>\n<td><\/td>\n<\/tr>\n<tr>\n<td width=\"413\"><span style=\"color: #0000ff;\"><a style=\"color: #0000ff;\" href=\"https:\/\/portal.compraspublicas.gob.ec\/sercop\/wp-content\/uploads\/2019\/01\/textil_prendas_de_vestir_30189.pdf\">Camisetas polo manga corta (\u00f3rdenes de compra de hasta 660 unidades)<\/a><\/span><\/td>\n<td width=\"152\"><span style=\"color: #0000ff;\"><a style=\"color: #0000ff;\" href=\"https:\/\/portal.compraspublicas.gob.ec\/sercop\/wp-content\/uploads\/2017\/02\/cdi_2016_0027_prendas_de_vestir_camisetas_polo.pdf\">SERCOP-CDI-2016-0027<\/a><\/span><\/td>\n<td width=\"122\"><span style=\"color: #0000ff;\"><a style=\"color: #0000ff;\" href=\"https:\/\/portal.compraspublicas.gob.ec\/sercop\/wp-content\/uploads\/2017\/02\/manifestacion_polo_660.docx\">Manifestaci\u00f3n de inter\u00e9s<\/a><\/span><\/td>\n<td><\/td>\n<\/tr>\n<tr>\n<td width=\"413\"><span style=\"color: #0000ff;\"><a style=\"color: #0000ff;\" href=\"https:\/\/portal.compraspublicas.gob.ec\/sercop\/wp-content\/uploads\/2019\/01\/textil_prendas_de_vestir_30190.pdf\">Camisetas polo manga corta (\u00f3rdenes de compra superiores a 660 unidades)<\/a><\/span><\/td>\n<td width=\"152\"><span style=\"color: #0000ff;\"><a style=\"color: #0000ff;\" href=\"https:\/\/portal.compraspublicas.gob.ec\/sercop\/wp-content\/uploads\/2017\/02\/cdi_2016_0027_prendas_de_vestir_camisetas_polo.pdf\">SERCOP-CDI-2016-0027<\/a><\/span><\/td>\n<td width=\"122\"><span style=\"color: #0000ff;\"><a style=\"color: #0000ff;\" href=\"https:\/\/portal.compraspublicas.gob.ec\/sercop\/wp-content\/uploads\/2017\/02\/manifestacion_polo_660.docx\">Manifestaci\u00f3n de inter\u00e9s<\/a><\/span><\/td>\n<td><\/td>\n<\/tr>\n<tr>\n<td><span style=\"color: #0000ff;\"><a style=\"color: #0000ff;\" href=\"https:\/\/portal.compraspublicas.gob.ec\/sercop\/wp-content\/uploads\/2019\/01\/textil_prendas_de_vestir_30220.pdf\">Camiseta polo manga corta tipo I<\/a><\/span><\/td>\n<td width=\"152\"><span style=\"color: #0000ff;\"><a style=\"color: #0000ff;\" href=\"https:\/\/portal.compraspublicas.gob.ec\/sercop\/wp-content\/uploads\/2017\/02\/oficio-circular-camiseta-polo-manga-corta-tipo-I.pdf\">SERCOP-CDI-2016-0079<\/a><\/span><\/td>\n<td width=\"122\"><span style=\"color: #0000ff;\"><a style=\"color: #0000ff;\" href=\"https:\/\/portal.compraspublicas.gob.ec\/sercop\/wp-content\/uploads\/2017\/12\/manifestacion_camiseta_polo_manga_corta_tipoI.doc\">Manifestaci\u00f3n de inter\u00e9s<\/a><\/span><\/td>\n<td><span style=\"color: #0000ff;\"><a style=\"color: #0000ff;\" href=\"https:\/\/portal.compraspublicas.gob.ec\/sercop\/wp-content\/uploads\/2019\/01\/OFICIO_CIRCULAR_CDI-2016-0041.pdf\">SERCOP-CDI-2016-0041<\/a><\/span><\/td>\n<\/tr>\n<tr>\n<td><span style=\"color: #0000ff;\"><a style=\"color: #0000ff;\" href=\"https:\/\/portal.compraspublicas.gob.ec\/sercop\/wp-content\/uploads\/2019\/01\/textil_prendas_de_vestir_30227.pdf\">Pantal\u00f3n terno deportivo<\/a><\/span><\/td>\n<td width=\"152\"><span style=\"color: #0000ff;\"><a style=\"color: #0000ff;\" href=\"https:\/\/portal.compraspublicas.gob.ec\/sercop\/wp-content\/uploads\/2017\/02\/Oficio-Circular-No.-80.pdf\">SERCOP-CDI-2016-080<\/a><\/span><\/td>\n<td width=\"122\"><span style=\"color: #0000ff;\"><a style=\"color: #0000ff;\" href=\"https:\/\/portal.compraspublicas.gob.ec\/sercop\/wp-content\/uploads\/2017\/12\/manifestacion-de-interes-prendas-de-vestir.doc\">Manifestaci\u00f3n de inter\u00e9s<\/a><\/span><\/td>\n<td><\/td>\n<\/tr>\n<tr>\n<td><span style=\"color: #0000ff;\"><a style=\"color: #0000ff;\" href=\"https:\/\/portal.compraspublicas.gob.ec\/sercop\/wp-content\/uploads\/2019\/01\/textil_prendas_de_vestir_30228.pdf\">Pantaloneta terno interno deportivo<\/a><\/span><\/td>\n<td width=\"152\"><span style=\"color: #0000ff;\"><a style=\"color: #0000ff;\" href=\"https:\/\/portal.compraspublicas.gob.ec\/sercop\/wp-content\/uploads\/2017\/02\/Oficio-Circular-No.-80.pdf\">SERCOP-CDI-2016-080<\/a><\/span><\/td>\n<td width=\"122\"><span style=\"color: #0000ff;\"><a style=\"color: #0000ff;\" href=\"https:\/\/portal.compraspublicas.gob.ec\/sercop\/wp-content\/uploads\/2017\/12\/manifestacion-de-interes-prendas-de-vestir.doc\">Manifestaci\u00f3n de inter\u00e9s<\/a><\/span><\/td>\n<td><\/td>\n<\/tr>\n<tr>\n<td><span style=\"color: #0000ff;\"><a style=\"color: #0000ff;\" href=\"https:\/\/portal.compraspublicas.gob.ec\/sercop\/wp-content\/uploads\/2019\/01\/textil_prendas_de_vestir_30229.pdf\">Blusa tipo militar<\/a><\/span><\/td>\n<td width=\"152\"><span style=\"color: #0000ff;\"><a style=\"color: #0000ff;\" href=\"https:\/\/portal.compraspublicas.gob.ec\/sercop\/wp-content\/uploads\/2017\/02\/Oficio-Circular-No.-80.pdf\">SERCOP-CDI-2016-080<\/a><\/span><\/td>\n<td width=\"122\"><span style=\"color: #0000ff;\"><a style=\"color: #0000ff;\" href=\"https:\/\/portal.compraspublicas.gob.ec\/sercop\/wp-content\/uploads\/2017\/12\/manifestacion-de-interes-prendas-de-vestir.doc\">Manifestaci\u00f3n de inter\u00e9s<\/a><\/span><\/td>\n<td><\/td>\n<\/tr>\n<tr>\n<td><span style=\"color: #0000ff;\"><a style=\"color: #0000ff;\" href=\"https:\/\/portal.compraspublicas.gob.ec\/sercop\/wp-content\/uploads\/2019\/01\/textil_prendas_de_vestir_30230.pdf\">Chompa terno deportivo<\/a><\/span><\/td>\n<td width=\"152\"><span style=\"color: #0000ff;\"><a style=\"color: #0000ff;\" href=\"https:\/\/portal.compraspublicas.gob.ec\/sercop\/wp-content\/uploads\/2017\/02\/Oficio-Circular-No.-80.pdf\">SERCOP-CDI-2016-080<\/a><\/span><\/td>\n<td width=\"122\"><span style=\"color: #0000ff;\"><a style=\"color: #0000ff;\" href=\"https:\/\/portal.compraspublicas.gob.ec\/sercop\/wp-content\/uploads\/2017\/12\/manifestacion-de-interes-prendas-de-vestir.doc\">Manifestaci\u00f3n de inter\u00e9s<\/a><\/span><\/td>\n<td><\/td>\n<\/tr>\n<tr>\n<td><span style=\"color: #0000ff;\"><a style=\"color: #0000ff;\" href=\"https:\/\/portal.compraspublicas.gob.ec\/sercop\/wp-content\/uploads\/2019\/01\/textil_prendas_de_vestir_30231.pdf\">Camiseta interior<\/a><\/span><\/td>\n<td width=\"152\"><span style=\"color: #0000ff;\"><a style=\"color: #0000ff;\" href=\"https:\/\/portal.compraspublicas.gob.ec\/sercop\/wp-content\/uploads\/2017\/02\/Oficio-Circular-No.-80.pdf\">SERCOP-CDI-2016-080<\/a><\/span><\/td>\n<td width=\"122\"><span style=\"color: #0000ff;\"><a style=\"color: #0000ff;\" href=\"https:\/\/portal.compraspublicas.gob.ec\/sercop\/wp-content\/uploads\/2017\/12\/manifestacion-de-interes-prendas-de-vestir.doc\">Manifestaci\u00f3n de inter\u00e9s<\/a><\/span><\/td>\n<td><\/td>\n<\/tr>\n<tr>\n<td><span style=\"color: #0000ff;\"><a style=\"color: #0000ff;\" href=\"https:\/\/portal.compraspublicas.gob.ec\/sercop\/wp-content\/uploads\/2019\/01\/textil_prendas_de_vestir_30232.pdf\">Camisa tipo militar<\/a><\/span><\/td>\n<td width=\"152\"><span style=\"color: #0000ff;\"><a style=\"color: #0000ff;\" href=\"https:\/\/portal.compraspublicas.gob.ec\/sercop\/wp-content\/uploads\/2017\/02\/Oficio-Circular-No.-80.pdf\">SERCOP-CDI-2016-080<\/a><\/span><\/td>\n<td width=\"122\"><span style=\"color: #0000ff;\"><a style=\"color: #0000ff;\" href=\"https:\/\/portal.compraspublicas.gob.ec\/sercop\/wp-content\/uploads\/2017\/12\/manifestacion-de-interes-prendas-de-vestir.doc\">Manifestaci\u00f3n de inter\u00e9s<\/a><\/span><\/td>\n<td><\/td>\n<\/tr>\n<tr>\n<td><span style=\"color: #0000ff;\"><a style=\"color: #0000ff;\" href=\"https:\/\/portal.compraspublicas.gob.ec\/sercop\/wp-content\/uploads\/2019\/01\/textil_prendas_de_vestir_30233.pdf\">Camiseta terno interior deportivo<\/a><\/span><\/td>\n<td width=\"152\"><span style=\"color: #0000ff;\"><a style=\"color: #0000ff;\" href=\"https:\/\/portal.compraspublicas.gob.ec\/sercop\/wp-content\/uploads\/2017\/02\/Oficio-Circular-No.-80.pdf\">SERCOP-CDI-2016-080<\/a><\/span><\/td>\n<td width=\"122\"><span style=\"color: #0000ff;\"><a style=\"color: #0000ff;\" href=\"https:\/\/portal.compraspublicas.gob.ec\/sercop\/wp-content\/uploads\/2017\/12\/manifestacion-de-interes-prendas-de-vestir.doc\">Manifestaci\u00f3n de inter\u00e9s<\/a><\/span><\/td>\n<td><\/td>\n<\/tr>\n<tr>\n<td><span style=\"color: #0000ff;\"><a style=\"color: #0000ff;\" href=\"https:\/\/portal.compraspublicas.gob.ec\/sercop\/wp-content\/uploads\/2019\/01\/textil_prendas_de_vestir_30235.pdf\">Chaleco multifunci\u00f3n sin cinta reflectiva<\/a><\/span><\/td>\n<td width=\"152\"><span style=\"color: #0000ff;\"><a style=\"color: #0000ff;\" href=\"https:\/\/portal.compraspublicas.gob.ec\/sercop\/wp-content\/uploads\/2017\/02\/oficio_circular_chaleco-multifuncion_peto-multifuncion_chompa_impermeable.pdf\">SERCOP-CDI-2016-083<\/a><\/span><\/td>\n<td width=\"122\"><span style=\"color: #0000ff;\"><a style=\"color: #0000ff;\" href=\"https:\/\/portal.compraspublicas.gob.ec\/sercop\/wp-content\/uploads\/2017\/12\/manifestacion_chaleco_peto_tabla_1.doc\">Manifestaci\u00f3n de inter\u00e9s<\/a><\/span><\/td>\n<td><\/td>\n<\/tr>\n<tr>\n<td><span style=\"color: #0000ff;\"><a style=\"color: #0000ff;\" href=\"https:\/\/portal.compraspublicas.gob.ec\/sercop\/wp-content\/uploads\/2019\/01\/textil_prendas_de_vestir_30236.pdf\" target=\"_blank\" rel=\"noopener noreferrer\">Peto multifunci\u00f3n<\/a><\/span><\/td>\n<td width=\"152\"><span style=\"color: #0000ff;\"><a style=\"color: #0000ff;\" href=\"https:\/\/portal.compraspublicas.gob.ec\/sercop\/wp-content\/uploads\/2017\/02\/oficio_circular_chaleco-multifuncion_peto-multifuncion_chompa_impermeable.pdf\">SERCOP-CDI-2016-083<\/a><\/span><\/td>\n<td width=\"122\"><span style=\"color: #0000ff;\"><a style=\"color: #0000ff;\" href=\"https:\/\/portal.compraspublicas.gob.ec\/sercop\/wp-content\/uploads\/2017\/12\/manifestacion_chaleco_peto_tabla_1.doc\">Manifestaci\u00f3n de inter\u00e9s<\/a><\/span><\/td>\n<td><span style=\"color: #0000ff;\"><a style=\"color: #0000ff;\" href=\"https:\/\/portal.compraspublicas.gob.ec\/sercop\/wp-content\/uploads\/2019\/01\/OFICIO_CIRCULAR_CDI-2016-0041.pdf\">SERCOP-CDI-2016-0041<\/a><\/span><\/td>\n<\/tr>\n<tr>\n<td><span style=\"color: #0000ff;\"><a style=\"color: #0000ff;\" href=\"https:\/\/portal.compraspublicas.gob.ec\/sercop\/wp-content\/uploads\/2019\/01\/textil_prendas_de_vestir_30237.pdf\">Chompa impermeable<\/a><\/span><\/td>\n<td width=\"152\"><span style=\"color: #0000ff;\"><a style=\"color: #0000ff;\" href=\"https:\/\/portal.compraspublicas.gob.ec\/sercop\/wp-content\/uploads\/2017\/02\/oficio_circular_chaleco-multifuncion_peto-multifuncion_chompa_impermeable.pdf\">SERCOP-CDI-2016-083<\/a><\/span><\/td>\n<td width=\"122\"><span style=\"color: #0000ff;\"><a style=\"color: #0000ff;\" href=\"https:\/\/portal.compraspublicas.gob.ec\/sercop\/wp-content\/uploads\/2017\/12\/manifestacion_chaleco_peto_tabla_1.doc\">Manifestaci\u00f3n de inter\u00e9s<\/a><\/span><\/td>\n<td><\/td>\n<\/tr>\n<tr>\n<td><span style=\"color: #0000ff;\"><a style=\"color: #0000ff;\" href=\"https:\/\/portal.compraspublicas.gob.ec\/sercop\/wp-content\/uploads\/2019\/01\/textil_prendas_de_vestir_30275.pdf\">Camiseta cuello redondo sin mangas<\/a><\/span><\/td>\n<td width=\"152\"><span style=\"color: #0000ff;\"><a style=\"color: #0000ff;\" href=\"https:\/\/portal.compraspublicas.gob.ec\/sercop\/wp-content\/uploads\/2017\/02\/oficio_circular_100_2016.pdf\">SERCOP-CDI-2016-0100<\/a><\/span><\/td>\n<td width=\"122\"><span style=\"color: #0000ff;\"><a style=\"color: #0000ff;\" href=\"https:\/\/portal.compraspublicas.gob.ec\/sercop\/wp-content\/uploads\/2017\/12\/manifestacion_camiseta_redondo.doc\">Manifestaci\u00f3n de inter\u00e9s<\/a><\/span><\/td>\n<td><\/td>\n<\/tr>\n<tr>\n<td><span style=\"color: #0000ff;\"><a style=\"color: #0000ff;\" href=\"https:\/\/portal.compraspublicas.gob.ec\/sercop\/wp-content\/uploads\/2019\/01\/textil_prendas_de_vestir_30286.pdf\">Buzo tipo polo manga larga (tela pique)<\/a><\/span><\/td>\n<td width=\"152\"><span style=\"color: #0000ff;\"><a style=\"color: #0000ff;\" href=\"https:\/\/portal.compraspublicas.gob.ec\/sercop\/wp-content\/uploads\/2017\/02\/oficio_circular_002_20161.pdf\">SERCOP-CDI-2016-0002<\/a><\/span><\/td>\n<td width=\"122\"><span style=\"color: #0000ff;\"><a style=\"color: #0000ff;\" href=\"https:\/\/portal.compraspublicas.gob.ec\/sercop\/wp-content\/uploads\/2019\/01\/Manifestacion_de_interes_actualizada.doc\">Manifestaci\u00f3n de inter\u00e9s<\/a><\/span><\/td>\n<td><span style=\"color: #0000ff;\">\u00a0<\/span><\/td>\n<\/tr>\n<tr>\n<td><span style=\"color: #0000ff;\"><a style=\"color: #0000ff;\" href=\"https:\/\/portal.compraspublicas.gob.ec\/sercop\/wp-content\/uploads\/2019\/01\/textil_prendas_de_vestir_30283.pdf\">Blusa mujer manga larga<\/a><\/span><\/td>\n<td width=\"152\"><span style=\"color: #0000ff;\"><a style=\"color: #0000ff;\" href=\"https:\/\/portal.compraspublicas.gob.ec\/sercop\/wp-content\/uploads\/2017\/02\/oficio_circular_002_20161.pdf\">SERCOP-CDI-2016-0002<\/a><\/span><\/td>\n<td width=\"122\"><span style=\"color: #0000ff;\"><a style=\"color: #0000ff;\" href=\"https:\/\/portal.compraspublicas.gob.ec\/sercop\/wp-content\/uploads\/2019\/01\/Manifestacion_de_interes_actualizada.doc\">Manifestaci\u00f3n de inter\u00e9s<\/a><\/span><\/td>\n<td><\/td>\n<\/tr>\n<tr>\n<td><span style=\"color: #0000ff;\"><a style=\"color: #0000ff;\" href=\"https:\/\/portal.compraspublicas.gob.ec\/sercop\/wp-content\/uploads\/2019\/01\/textil_prendas_de_vestir_30284.pdf\">Buzo manga larga tipo polo<\/a><\/span><\/td>\n<td width=\"152\"><span style=\"color: #0000ff;\"><a style=\"color: #0000ff;\" href=\"https:\/\/portal.compraspublicas.gob.ec\/sercop\/wp-content\/uploads\/2017\/02\/oficio_circular_002_20161.pdf\">SERCOP-CDI-2016-0002<\/a><\/span><\/td>\n<td width=\"122\"><a href=\"https:\/\/portal.compraspublicas.gob.ec\/sercop\/wp-content\/uploads\/2019\/01\/Manifestacion_de_interes_actualizada.doc\"><span style=\"color: #0000ff;\">Manifestaci\u00f3n de inter\u00e9s<\/span><\/a><\/td>\n<td><\/td>\n<\/tr>\n<tr>\n<td width=\"413\"><span style=\"color: #0000ff;\"><a style=\"color: #0000ff;\" href=\"https:\/\/portal.compraspublicas.gob.ec\/sercop\/wp-content\/uploads\/2019\/01\/textil_prendas_de_vestir_30285.pdf\">Buzo tipo polo de algod\u00f3n peinado manga larga, con cuello tejido y pu\u00f1o de resorte para mujer y hombre<\/a><\/span><\/td>\n<td width=\"152\"><span style=\"color: #0000ff;\"><a style=\"color: #0000ff;\" href=\"https:\/\/portal.compraspublicas.gob.ec\/sercop\/wp-content\/uploads\/2017\/02\/oficio_circular_002_20161.pdf\">SERCOP-CDI-2016-0002<\/a><\/span><\/td>\n<td width=\"122\"><span style=\"color: #0000ff;\"><a style=\"color: #0000ff;\" href=\"https:\/\/portal.compraspublicas.gob.ec\/sercop\/wp-content\/uploads\/2019\/01\/Manifestacion_de_interes_actualizada.doc\">Manifestaci\u00f3n de inter\u00e9s<\/a><\/span><\/td>\n<td><\/td>\n<\/tr>\n<tr>\n<td><span style=\"color: #0000ff;\"><a style=\"color: #0000ff;\" href=\"https:\/\/portal.compraspublicas.gob.ec\/sercop\/wp-content\/uploads\/2019\/01\/textil_prendas_de_vestir_30291.pdf\">Camisa<\/a><\/span><\/td>\n<td width=\"152\"><span style=\"color: #0000ff;\"><a style=\"color: #0000ff;\" href=\"https:\/\/portal.compraspublicas.gob.ec\/sercop\/wp-content\/uploads\/2017\/02\/oficio_circular_002_20161.pdf\">SERCOP-CDI-2016-0002<\/a><\/span><\/td>\n<td width=\"122\"><span style=\"color: #0000ff;\"><a style=\"color: #0000ff;\" href=\"https:\/\/portal.compraspublicas.gob.ec\/sercop\/wp-content\/uploads\/2019\/01\/Manifestacion_de_interes_actualizada.doc\">Manifestaci\u00f3n de inter\u00e9s<\/a><\/span><\/td>\n<td><span style=\"color: #0000ff;\">\u00a0<\/span><\/td>\n<\/tr>\n<tr>\n<td><span style=\"color: #0000ff;\"><a style=\"color: #0000ff;\" href=\"https:\/\/portal.compraspublicas.gob.ec\/sercop\/wp-content\/uploads\/2019\/01\/textil_prendas_de_vestir_30290.pdf\">Camisa manga larga<\/a><\/span><\/td>\n<td width=\"152\"><span style=\"color: #0000ff;\"><a style=\"color: #0000ff;\" href=\"https:\/\/portal.compraspublicas.gob.ec\/sercop\/wp-content\/uploads\/2017\/02\/oficio_circular_002_20161.pdf\">SERCOP-CDI-2016-0002<\/a><\/span><\/td>\n<td width=\"122\"><span style=\"color: #0000ff;\"><a style=\"color: #0000ff;\" href=\"https:\/\/portal.compraspublicas.gob.ec\/sercop\/wp-content\/uploads\/2019\/01\/Manifestacion_de_interes_actualizada.doc\">Manifestaci\u00f3n de inter\u00e9s<\/a><\/span><\/td>\n<td><\/td>\n<\/tr>\n<tr>\n<td><span style=\"color: #0000ff;\"><a style=\"color: #0000ff;\" href=\"https:\/\/portal.compraspublicas.gob.ec\/sercop\/wp-content\/uploads\/2019\/01\/textil_prendas_de_vestir_30289.pdf\">Camisetas cuello redondo o en \u00abv\u00bb manga corta<\/a><\/span><\/td>\n<td width=\"152\"><span style=\"color: #0000ff;\"><a style=\"color: #0000ff;\" href=\"https:\/\/portal.compraspublicas.gob.ec\/sercop\/wp-content\/uploads\/2017\/02\/oficio_circular_002_20161.pdf\">SERCOP-CDI-2016-0002<\/a><\/span><\/td>\n<td width=\"122\"><span style=\"color: #0000ff;\"><a style=\"color: #0000ff;\" href=\"https:\/\/portal.compraspublicas.gob.ec\/sercop\/wp-content\/uploads\/2019\/01\/Manifestacion_de_interes_actualizada.doc\">Manifestaci\u00f3n de inter\u00e9s<\/a><\/span><\/td>\n<td><\/td>\n<\/tr>\n<tr>\n<td><span style=\"color: #0000ff;\"><a style=\"color: #0000ff;\" href=\"https:\/\/portal.compraspublicas.gob.ec\/sercop\/wp-content\/uploads\/2019\/01\/textil_prendas_de_vestir_30333.pdf\">Camiseta tipo polo manga corta<\/a><\/span><\/td>\n<td width=\"152\"><span style=\"color: #0000ff;\"><a style=\"color: #0000ff;\" href=\"https:\/\/portal.compraspublicas.gob.ec\/sercop\/wp-content\/uploads\/2017\/02\/oficio_circular_002_20161.pdf\">SERCOP-CDI-2016-0002<\/a><\/span><\/td>\n<td width=\"122\"><span style=\"color: #0000ff;\"><a style=\"color: #0000ff;\" href=\"https:\/\/portal.compraspublicas.gob.ec\/sercop\/wp-content\/uploads\/2019\/01\/Manifestacion_de_interes_actualizada.doc\">Manifestaci\u00f3n de inter\u00e9s<\/a><\/span><\/td>\n<td><\/td>\n<\/tr>\n<tr>\n<td><span style=\"color: #0000ff;\"><a style=\"color: #0000ff;\" href=\"https:\/\/portal.compraspublicas.gob.ec\/sercop\/wp-content\/uploads\/2019\/01\/textil_prendas_de_vestir_30288.pdf\">Chaleco de seguridad<\/a><\/span><\/td>\n<td width=\"152\"><span style=\"color: #0000ff;\"><a style=\"color: #0000ff;\" href=\"https:\/\/portal.compraspublicas.gob.ec\/sercop\/wp-content\/uploads\/2017\/02\/oficio_circular_002_20161.pdf\">SERCOP-CDI-2016-0002<\/a><\/span><\/td>\n<td width=\"122\"><span style=\"color: #0000ff;\"><a style=\"color: #0000ff;\" href=\"https:\/\/portal.compraspublicas.gob.ec\/sercop\/wp-content\/uploads\/2019\/01\/Manifestacion_de_interes_actualizada.doc\">Manifestaci\u00f3n de inter\u00e9s<\/a><\/span><\/td>\n<td><span style=\"color: #0000ff;\">\u00a0<a style=\"color: #0000ff;\" href=\"https:\/\/portal.compraspublicas.gob.ec\/sercop\/wp-content\/uploads\/2019\/01\/OFICIO_CIRCULAR_CDI-2016-0041.pdf\">SERCOP-CDI-2016-0041<\/a><\/span><\/td>\n<\/tr>\n<tr>\n<td><span style=\"color: #0000ff;\"><a style=\"color: #0000ff;\" href=\"https:\/\/portal.compraspublicas.gob.ec\/sercop\/wp-content\/uploads\/2019\/01\/textil_prendas_de_vestir_30310.pdf\">Chaleco rompevientos<\/a><\/span><\/td>\n<td width=\"152\"><span style=\"color: #0000ff;\"><a style=\"color: #0000ff;\" href=\"https:\/\/portal.compraspublicas.gob.ec\/sercop\/wp-content\/uploads\/2017\/02\/oficio_circular_002_20161.pdf\">SERCOP-CDI-2016-0002<\/a><\/span><\/td>\n<td width=\"122\"><span style=\"color: #0000ff;\"><a style=\"color: #0000ff;\" href=\"https:\/\/portal.compraspublicas.gob.ec\/sercop\/wp-content\/uploads\/2019\/01\/Manifestacion_de_interes_actualizada.doc\">Manifestaci\u00f3n de inter\u00e9s<\/a><\/span><\/td>\n<td><\/td>\n<\/tr>\n<tr>\n<td><span style=\"color: #0000ff;\"><a style=\"color: #0000ff;\" href=\"https:\/\/portal.compraspublicas.gob.ec\/sercop\/wp-content\/uploads\/2019\/01\/textil_prendas_de_vestir_30287.pdf\">Chaleco tipo safari-periodista<\/a><\/span><\/td>\n<td width=\"152\"><span style=\"color: #0000ff;\"><a style=\"color: #0000ff;\" href=\"https:\/\/portal.compraspublicas.gob.ec\/sercop\/wp-content\/uploads\/2017\/02\/oficio_circular_002_20161.pdf\">SERCOP-CDI-2016-0002<\/a><\/span><\/td>\n<td width=\"122\"><span style=\"color: #0000ff;\"><a style=\"color: #0000ff;\" href=\"https:\/\/portal.compraspublicas.gob.ec\/sercop\/wp-content\/uploads\/2019\/01\/Manifestacion_de_interes_actualizada.doc\">Manifestaci\u00f3n de inter\u00e9s<\/a><\/span><\/td>\n<td><span style=\"color: #0000ff;\">\u00a0<\/span><\/td>\n<\/tr>\n<tr>\n<td><span style=\"color: #0000ff;\"><a style=\"color: #0000ff;\" href=\"https:\/\/portal.compraspublicas.gob.ec\/sercop\/wp-content\/uploads\/2019\/01\/textil_prendas_de_vestir_30292.pdf\">Chompa con mangas largas desprendibles<\/a><\/span><\/td>\n<td width=\"152\"><span style=\"color: #0000ff;\"><a style=\"color: #0000ff;\" href=\"https:\/\/portal.compraspublicas.gob.ec\/sercop\/wp-content\/uploads\/2017\/02\/oficio_circular_002_20161.pdf\">SERCOP-CDI-2016-0002<\/a><\/span><\/td>\n<td width=\"122\"><span style=\"color: #0000ff;\"><a style=\"color: #0000ff;\" href=\"https:\/\/portal.compraspublicas.gob.ec\/sercop\/wp-content\/uploads\/2019\/01\/Manifestacion_de_interes_actualizada.doc\">Manifestaci\u00f3n de inter\u00e9s<\/a><\/span><\/td>\n<td><\/td>\n<\/tr>\n<tr>\n<td><span style=\"color: #0000ff;\"><a style=\"color: #0000ff;\" href=\"https:\/\/portal.compraspublicas.gob.ec\/sercop\/wp-content\/uploads\/2019\/01\/textil_prendas_de_vestir_30294.pdf\">Chompa impermeableChompa de gabardina<\/a><\/span><\/td>\n<td width=\"152\"><span style=\"color: #0000ff;\"><a style=\"color: #0000ff;\" href=\"https:\/\/portal.compraspublicas.gob.ec\/sercop\/wp-content\/uploads\/2017\/02\/oficio_circular_002_20161.pdf\">SERCOP-CDI-2016-0002<\/a><\/span><\/td>\n<td width=\"122\"><span style=\"color: #0000ff;\"><a style=\"color: #0000ff;\" href=\"https:\/\/portal.compraspublicas.gob.ec\/sercop\/wp-content\/uploads\/2019\/01\/Manifestacion_de_interes_actualizada.doc\">Manifestaci\u00f3n de inter\u00e9s<\/a><\/span><\/td>\n<td><\/td>\n<\/tr>\n<tr>\n<td><span style=\"color: #0000ff;\"><a style=\"color: #0000ff;\" href=\"https:\/\/portal.compraspublicas.gob.ec\/sercop\/wp-content\/uploads\/2019\/01\/textil_prendas_de_vestir_30295.pdf\">Chompa impermeable<\/a><\/span><\/td>\n<td width=\"152\"><span style=\"color: #0000ff;\"><a style=\"color: #0000ff;\" href=\"https:\/\/portal.compraspublicas.gob.ec\/sercop\/wp-content\/uploads\/2017\/02\/oficio_circular_002_20161.pdf\">SERCOP-CDI-2016-0002<\/a><\/span><\/td>\n<td width=\"122\"><span style=\"color: #0000ff;\"><a style=\"color: #0000ff;\" href=\"https:\/\/portal.compraspublicas.gob.ec\/sercop\/wp-content\/uploads\/2019\/01\/Manifestacion_de_interes_actualizada.doc\">Manifestaci\u00f3n de inter\u00e9s<\/a><\/span><\/td>\n<td><\/td>\n<\/tr>\n<tr>\n<td><span style=\"color: #0000ff;\"><a style=\"color: #0000ff;\" href=\"https:\/\/portal.compraspublicas.gob.ec\/sercop\/wp-content\/uploads\/2019\/01\/textil_prendas_de_vestir_30296.pdf\">Chompa impermeable con mangas desprendibles<\/a><\/span><\/td>\n<td width=\"152\"><span style=\"color: #0000ff;\"><a style=\"color: #0000ff;\" href=\"https:\/\/portal.compraspublicas.gob.ec\/sercop\/wp-content\/uploads\/2017\/02\/oficio_circular_002_20161.pdf\">SERCOP-CDI-2016-0002<\/a><\/span><\/td>\n<td width=\"122\"><span style=\"color: #0000ff;\"><a style=\"color: #0000ff;\" href=\"https:\/\/portal.compraspublicas.gob.ec\/sercop\/wp-content\/uploads\/2019\/01\/Manifestacion_de_interes_actualizada.doc\">Manifestaci\u00f3n de inter\u00e9s<\/a><\/span><\/td>\n<td><\/td>\n<\/tr>\n<tr>\n<td><span style=\"color: #0000ff;\"><a style=\"color: #0000ff;\" href=\"https:\/\/portal.compraspublicas.gob.ec\/sercop\/wp-content\/uploads\/2019\/01\/textil_prendas_de_vestir_30293.pdf\">Chompa rompevientos tres cuartos<\/a><\/span><\/td>\n<td width=\"152\"><span style=\"color: #0000ff;\"><a style=\"color: #0000ff;\" href=\"https:\/\/portal.compraspublicas.gob.ec\/sercop\/wp-content\/uploads\/2017\/02\/oficio_circular_002_20161.pdf\">SERCOP-CDI-2016-0002<\/a><\/span><\/td>\n<td width=\"122\"><span style=\"color: #0000ff;\"><a style=\"color: #0000ff;\" href=\"https:\/\/portal.compraspublicas.gob.ec\/sercop\/wp-content\/uploads\/2019\/01\/Manifestacion_de_interes_actualizada.doc\">Manifestaci\u00f3n de inter\u00e9s<\/a><\/span><\/td>\n<td><span style=\"color: #0000ff;\">\u00a0<a style=\"color: #0000ff;\" href=\"https:\/\/portal.compraspublicas.gob.ec\/sercop\/wp-content\/uploads\/2019\/01\/OFICIO_CIRCULAR_CDI-2016-0041.pdf\">SERCOP-CDI-2016-0041<\/a><\/span><\/td>\n<\/tr>\n<tr>\n<td><span style=\"color: #0000ff;\"><a style=\"color: #0000ff;\" href=\"https:\/\/portal.compraspublicas.gob.ec\/sercop\/wp-content\/uploads\/2019\/01\/textil_prendas_de_vestir_30297.pdf\">Chompa t\u00e9rmica rompevientos doble uso hombre<\/a><\/span><\/td>\n<td width=\"152\"><span style=\"color: #0000ff;\"><a style=\"color: #0000ff;\" href=\"https:\/\/portal.compraspublicas.gob.ec\/sercop\/wp-content\/uploads\/2017\/02\/oficio_circular_002_20161.pdf\">SERCOP-CDI-2016-0002<\/a><\/span><\/td>\n<td width=\"122\"><span style=\"color: #0000ff;\"><a style=\"color: #0000ff;\" href=\"https:\/\/portal.compraspublicas.gob.ec\/sercop\/wp-content\/uploads\/2019\/01\/Manifestacion_de_interes_actualizada.doc\">Manifestaci\u00f3n de inter\u00e9s<\/a><\/span><\/td>\n<td><\/td>\n<\/tr>\n<tr>\n<td><span style=\"color: #0000ff;\"><a style=\"color: #0000ff;\" href=\"https:\/\/portal.compraspublicas.gob.ec\/sercop\/wp-content\/uploads\/2019\/01\/textil_prendas_de_vestir_30298.pdf\">Chompa t\u00e9rmica rompevientos doble uso mujer<\/a><\/span><\/td>\n<td width=\"152\"><span style=\"color: #0000ff;\"><a style=\"color: #0000ff;\" href=\"https:\/\/portal.compraspublicas.gob.ec\/sercop\/wp-content\/uploads\/2017\/02\/oficio_circular_002_20161.pdf\">SERCOP-CDI-2016-0002<\/a><\/span><\/td>\n<td width=\"122\"><span style=\"color: #0000ff;\"><a style=\"color: #0000ff;\" href=\"https:\/\/portal.compraspublicas.gob.ec\/sercop\/wp-content\/uploads\/2019\/01\/Manifestacion_de_interes_actualizada.doc\">Manifestaci\u00f3n de inter\u00e9s<\/a><\/span><\/td>\n<td><\/td>\n<\/tr>\n<tr>\n<td><span style=\"color: #0000ff;\"><a style=\"color: #0000ff;\" href=\"https:\/\/portal.compraspublicas.gob.ec\/sercop\/wp-content\/uploads\/2019\/01\/textil_prendas_de_vestir_30299.pdf\">Delantal<\/a><\/span><\/td>\n<td width=\"152\"><span style=\"color: #0000ff;\"><a style=\"color: #0000ff;\" href=\"https:\/\/portal.compraspublicas.gob.ec\/sercop\/wp-content\/uploads\/2017\/02\/oficio_circular_002_20161.pdf\">SERCOP-CDI-2016-0002<\/a><\/span><\/td>\n<td width=\"122\"><span style=\"color: #0000ff;\"><a style=\"color: #0000ff;\" href=\"https:\/\/portal.compraspublicas.gob.ec\/sercop\/wp-content\/uploads\/2019\/01\/Manifestacion_de_interes_actualizada.doc\">Manifestaci\u00f3n de inter\u00e9s<\/a><\/span><\/td>\n<td><span style=\"color: #0000ff;\">\u00a0<\/span><\/td>\n<\/tr>\n<tr>\n<td><span style=\"color: #0000ff;\"><a style=\"color: #0000ff;\" href=\"https:\/\/portal.compraspublicas.gob.ec\/sercop\/wp-content\/uploads\/2019\/01\/textil_prendas_de_vestir_30300.pdf\">Gorra gabardina<\/a><\/span><\/td>\n<td width=\"152\"><span style=\"color: #0000ff;\"><a style=\"color: #0000ff;\" href=\"https:\/\/portal.compraspublicas.gob.ec\/sercop\/wp-content\/uploads\/2017\/02\/oficio_circular_002_20161.pdf\">SERCOP-CDI-2016-0002<\/a><\/span><\/td>\n<td width=\"122\"><span style=\"color: #0000ff;\"><a style=\"color: #0000ff;\" href=\"https:\/\/portal.compraspublicas.gob.ec\/sercop\/wp-content\/uploads\/2019\/01\/Manifestacion_de_interes_actualizada.doc\">Manifestaci\u00f3n de inter\u00e9s<\/a><\/span><\/td>\n<td><\/td>\n<\/tr>\n<tr>\n<td><span style=\"color: #0000ff;\"><a style=\"color: #0000ff;\" href=\"https:\/\/portal.compraspublicas.gob.ec\/sercop\/wp-content\/uploads\/2019\/01\/textil_prendas_de_vestir_30301.pdf\">Gorra tejido plano<\/a><\/span><\/td>\n<td width=\"152\"><span style=\"color: #0000ff;\"><a style=\"color: #0000ff;\" href=\"https:\/\/portal.compraspublicas.gob.ec\/sercop\/wp-content\/uploads\/2017\/02\/oficio_circular_002_20161.pdf\">SERCOP-CDI-2016-0002<\/a><\/span><\/td>\n<td width=\"122\"><span style=\"color: #0000ff;\"><a style=\"color: #0000ff;\" href=\"https:\/\/portal.compraspublicas.gob.ec\/sercop\/wp-content\/uploads\/2019\/01\/Manifestacion_de_interes_actualizada.doc\">Manifestaci\u00f3n de inter\u00e9s<\/a><\/span><\/td>\n<td><\/td>\n<\/tr>\n<tr>\n<td><span style=\"color: #0000ff;\"><a style=\"color: #0000ff;\" href=\"https:\/\/portal.compraspublicas.gob.ec\/sercop\/wp-content\/uploads\/2019\/01\/textil_prendas_de_vestir_30302.pdf\">Mandil de trabajo<\/a><\/span><\/td>\n<td width=\"152\"><span style=\"color: #0000ff;\"><a style=\"color: #0000ff;\" href=\"https:\/\/portal.compraspublicas.gob.ec\/sercop\/wp-content\/uploads\/2017\/02\/oficio_circular_002_20161.pdf\">SERCOP-CDI-2016-0002<\/a><\/span><\/td>\n<td width=\"122\"><span style=\"color: #0000ff;\"><a style=\"color: #0000ff;\" href=\"https:\/\/portal.compraspublicas.gob.ec\/sercop\/wp-content\/uploads\/2019\/01\/Manifestacion_de_interes_actualizada.doc\">Manifestaci\u00f3n de inter\u00e9s<\/a><\/span><\/td>\n<td><\/td>\n<\/tr>\n<tr>\n<td><span style=\"color: #0000ff;\"><a style=\"color: #0000ff;\" href=\"https:\/\/portal.compraspublicas.gob.ec\/sercop\/wp-content\/uploads\/2019\/01\/textil_prendas_de_vestir_30303.pdf\">Overol gabardina con tirantes<\/a><\/span><\/td>\n<td width=\"152\"><span style=\"color: #0000ff;\"><a style=\"color: #0000ff;\" href=\"https:\/\/portal.compraspublicas.gob.ec\/sercop\/wp-content\/uploads\/2017\/02\/oficio_circular_002_20161.pdf\">SERCOP-CDI-2016-0002<\/a><\/span><\/td>\n<td width=\"122\"><span style=\"color: #0000ff;\"><a style=\"color: #0000ff;\" href=\"https:\/\/portal.compraspublicas.gob.ec\/sercop\/wp-content\/uploads\/2019\/01\/Manifestacion_de_interes_actualizada.doc\">Manifestaci\u00f3n de inter\u00e9s<\/a><\/span><\/td>\n<td><\/td>\n<\/tr>\n<tr>\n<td><span style=\"color: #0000ff;\"><a style=\"color: #0000ff;\" href=\"https:\/\/portal.compraspublicas.gob.ec\/sercop\/wp-content\/uploads\/2019\/01\/textil_prendas_de_vestir_30304.pdf\">Pantal\u00f3n de gabardina pretina, dos bolsillos delantero y relojero<\/a><\/span><\/td>\n<td width=\"152\"><span style=\"color: #0000ff;\"><a style=\"color: #0000ff;\" href=\"https:\/\/portal.compraspublicas.gob.ec\/sercop\/wp-content\/uploads\/2017\/02\/oficio_circular_002_20161.pdf\">SERCOP-CDI-2016-0002<\/a><\/span><\/td>\n<td width=\"122\"><span style=\"color: #0000ff;\"><a style=\"color: #0000ff;\" href=\"https:\/\/portal.compraspublicas.gob.ec\/sercop\/wp-content\/uploads\/2019\/01\/Manifestacion_de_interes_actualizada.doc\">Manifestaci\u00f3n de inter\u00e9s<\/a><\/span><\/td>\n<td><span style=\"color: #0000ff;\">\u00a0<\/span><\/td>\n<\/tr>\n<tr>\n<td><span style=\"color: #0000ff;\"><a style=\"color: #0000ff;\" href=\"https:\/\/portal.compraspublicas.gob.ec\/sercop\/wp-content\/uploads\/2019\/01\/textil_prendas_de_vestir_30305.pdf\">Pantal\u00f3n gabardina bolsillo camuflado costado<\/a><\/span><\/td>\n<td width=\"152\"><span style=\"color: #0000ff;\"><a style=\"color: #0000ff;\" href=\"https:\/\/portal.compraspublicas.gob.ec\/sercop\/wp-content\/uploads\/2017\/02\/oficio_circular_002_20161.pdf\">SERCOP-CDI-2016-0002<\/a><\/span><\/td>\n<td width=\"122\"><span style=\"color: #0000ff;\"><a style=\"color: #0000ff;\" href=\"https:\/\/portal.compraspublicas.gob.ec\/sercop\/wp-content\/uploads\/2019\/01\/Manifestacion_de_interes_actualizada.doc\">Manifestaci\u00f3n de inter\u00e9s<\/a><\/span><\/td>\n<td><\/td>\n<\/tr>\n<tr>\n<td><span style=\"color: #0000ff;\"><a style=\"color: #0000ff;\" href=\"https:\/\/portal.compraspublicas.gob.ec\/sercop\/wp-content\/uploads\/2019\/01\/textil_prendas_de_vestir_30306.pdf\">Pantal\u00f3n gabardina bolsillos posteriores tipo parche<\/a><\/span><\/td>\n<td width=\"152\"><span style=\"color: #0000ff;\"><a style=\"color: #0000ff;\" href=\"https:\/\/portal.compraspublicas.gob.ec\/sercop\/wp-content\/uploads\/2017\/02\/oficio_circular_002_20161.pdf\">SERCOP-CDI-2016-0002<\/a><\/span><\/td>\n<td width=\"122\"><span style=\"color: #0000ff;\"><a style=\"color: #0000ff;\" href=\"https:\/\/portal.compraspublicas.gob.ec\/sercop\/wp-content\/uploads\/2019\/01\/Manifestacion_de_interes_actualizada.doc\">Manifestaci\u00f3n de inter\u00e9s<\/a><\/span><\/td>\n<td><\/td>\n<\/tr>\n<tr>\n<td><a href=\"https:\/\/portal.compraspublicas.gob.ec\/sercop\/wp-content\/uploads\/2019\/01\/textil_prendas_de_vestir_30307-1.pdf\"><span style=\"color: #0000ff;\">Pantal\u00f3n \u00edndigo estrech mujer<\/span><\/a><\/td>\n<td width=\"152\"><span style=\"color: #0000ff;\"><a style=\"color: #0000ff;\" href=\"https:\/\/portal.compraspublicas.gob.ec\/sercop\/wp-content\/uploads\/2017\/02\/oficio_circular_002_20161.pdf\">SERCOP-CDI-2016-0002<\/a><\/span><\/td>\n<td width=\"122\"><span style=\"color: #0000ff;\"><a style=\"color: #0000ff;\" href=\"https:\/\/portal.compraspublicas.gob.ec\/sercop\/wp-content\/uploads\/2019\/01\/Manifestacion_de_interes_actualizada.doc\">Manifestaci\u00f3n de inter\u00e9s<\/a><\/span><\/td>\n<td><\/td>\n<\/tr>\n<tr>\n<td><span style=\"color: #0000ff;\"><a style=\"color: #0000ff;\" href=\"https:\/\/portal.compraspublicas.gob.ec\/sercop\/wp-content\/uploads\/2019\/01\/textil_prendas_de_vestir_3099.pdf\">Pantal\u00f3n \u00edndigo modelo cl\u00e1sico hombre\/mujer<\/a><\/span><\/td>\n<td width=\"152\"><span style=\"color: #0000ff;\"><a style=\"color: #0000ff;\" href=\"https:\/\/portal.compraspublicas.gob.ec\/sercop\/wp-content\/uploads\/2017\/02\/oficio_circular_002_20161.pdf\">SERCOP-CDI-2016-0002<\/a><\/span><\/td>\n<td width=\"122\"><span style=\"color: #0000ff;\"><a style=\"color: #0000ff;\" href=\"https:\/\/portal.compraspublicas.gob.ec\/sercop\/wp-content\/uploads\/2019\/01\/Manifestacion_de_interes_actualizada.doc\">Manifestaci\u00f3n de inter\u00e9s<\/a><\/span><\/td>\n<td>\u00a0<span style=\"color: #0000ff;\"><a style=\"color: #0000ff;\" href=\"https:\/\/portal.compraspublicas.gob.ec\/sercop\/wp-content\/uploads\/2019\/01\/OFICIO_CIRCULAR_CDI-2016-0041.pdf\">SERCOP-CDI-2016-0041<\/a><\/span><\/td>\n<\/tr>\n<tr>\n<td><span style=\"color: #0000ff;\"><a style=\"color: #0000ff;\" href=\"https:\/\/portal.compraspublicas.gob.ec\/sercop\/wp-content\/uploads\/2019\/01\/textil_prendas_de_vestir_30308.pdf\">Poncho impermeable rompevientos<\/a><\/span><\/td>\n<td width=\"152\"><span style=\"color: #0000ff;\"><a style=\"color: #0000ff;\" href=\"https:\/\/portal.compraspublicas.gob.ec\/sercop\/wp-content\/uploads\/2017\/02\/oficio_circular_002_20161.pdf\">SERCOP-CDI-2016-0002<\/a><\/span><\/td>\n<td width=\"122\"><span style=\"color: #0000ff;\"><a style=\"color: #0000ff;\" href=\"https:\/\/portal.compraspublicas.gob.ec\/sercop\/wp-content\/uploads\/2019\/01\/Manifestacion_de_interes_actualizada.doc\">Manifestaci\u00f3n de inter\u00e9s<\/a><\/span><\/td>\n<td><\/td>\n<\/tr>\n<tr>\n<td><span style=\"color: #0000ff;\"><a style=\"color: #0000ff;\" href=\"https:\/\/portal.compraspublicas.gob.ec\/sercop\/wp-content\/uploads\/2019\/01\/textil_prendas_de_vestir_30309.pdf\">Protector de sol para ensamble de casco<\/a><\/span><\/td>\n<td width=\"152\"><span style=\"color: #0000ff;\"><a style=\"color: #0000ff;\" href=\"https:\/\/portal.compraspublicas.gob.ec\/sercop\/wp-content\/uploads\/2017\/02\/oficio_circular_002_20161.pdf\">SERCOP-CDI-2016-0002<\/a><\/span><\/td>\n<td width=\"122\"><span style=\"color: #0000ff;\"><a style=\"color: #0000ff;\" href=\"https:\/\/portal.compraspublicas.gob.ec\/sercop\/wp-content\/uploads\/2019\/01\/Manifestacion_de_interes_actualizada.doc\">Manifestaci\u00f3n de inter\u00e9s<\/a><\/span><\/td>\n<td><span style=\"color: #0000ff;\">\u00a0<\/span><\/td>\n<\/tr>\n<tr>\n<td><span style=\"color: #0000ff;\"><a style=\"color: #0000ff;\" href=\"https:\/\/portal.compraspublicas.gob.ec\/sercop\/wp-content\/uploads\/2019\/01\/textil_prendas_de_vestir_30311.pdf\">Uniforme deportivo calentador exterior<\/a><\/span><\/td>\n<td width=\"152\"><span style=\"color: #0000ff;\"><a style=\"color: #0000ff;\" href=\"https:\/\/portal.compraspublicas.gob.ec\/sercop\/wp-content\/uploads\/2017\/02\/oficio_circular_002_20161.pdf\">SERCOP-CDI-2016-0002<\/a><\/span><\/td>\n<td width=\"122\"><span style=\"color: #0000ff;\"><a style=\"color: #0000ff;\" href=\"https:\/\/portal.compraspublicas.gob.ec\/sercop\/wp-content\/uploads\/2019\/01\/Manifestacion_de_interes_actualizada.doc\">Manifestaci\u00f3n de inter\u00e9s<\/a><\/span><\/td>\n<td><span style=\"color: #0000ff;\">\u00a0<\/span><\/td>\n<\/tr>\n<tr>\n<td><span style=\"color: #0000ff;\"><a style=\"color: #0000ff;\" href=\"https:\/\/portal.compraspublicas.gob.ec\/sercop\/wp-content\/uploads\/2019\/01\/textil_prendas_de_vestir_30312.pdf\">Uniforme deportivo ni\u00f1o- ni\u00f1a<\/a><\/span><\/td>\n<td width=\"152\"><span style=\"color: #0000ff;\"><a style=\"color: #0000ff;\" href=\"https:\/\/portal.compraspublicas.gob.ec\/sercop\/wp-content\/uploads\/2017\/02\/oficio_circular_002_20161.pdf\">SERCOP-CDI-2016-0002<\/a><\/span><\/td>\n<td width=\"122\"><span style=\"color: #0000ff;\"><a style=\"color: #0000ff;\" href=\"https:\/\/portal.compraspublicas.gob.ec\/sercop\/wp-content\/uploads\/2019\/01\/Manifestacion_de_interes_actualizada.doc\">Manifestaci\u00f3n de inter\u00e9s<\/a><\/span><\/td>\n<td><\/td>\n<\/tr>\n<tr>\n<td><span style=\"color: #0000ff;\"><a style=\"color: #0000ff;\" href=\"https:\/\/portal.compraspublicas.gob.ec\/sercop\/wp-content\/uploads\/2019\/01\/textil_prendas_de_vestir_30331.pdf\">Chompa con mangas largas desprendibles II<\/a><\/span><\/td>\n<td width=\"152\"><span style=\"color: #0000ff;\"><a style=\"color: #0000ff;\" href=\"https:\/\/portal.compraspublicas.gob.ec\/sercop\/wp-content\/uploads\/2017\/02\/oficio_circular_0123.pdf\">SERCOP-CDI-2016-0123<\/a><\/span><\/td>\n<td width=\"122\"><span style=\"color: #0000ff;\"><a style=\"color: #0000ff;\" href=\"https:\/\/portal.compraspublicas.gob.ec\/sercop\/wp-content\/uploads\/2017\/02\/manifestacion-de-interes-chompa_con_mangas_desprendibles.docx\">Manifestaci\u00f3n de inter\u00e9s<\/a><\/span><\/td>\n<td><\/td>\n<\/tr>\n<\/tbody>\n<\/table>\n","protected":false},"excerpt":{"rendered":"<p class=\"excerpt\">Estimados Proveedores: La participaci\u00f3n al Cat\u00e1logo Inclusivo de \u201cProductos de Confecci\u00f3n Textil\u201d se encuentra SUSPENDIDO conforme lo dispone la Circular Nro. SERCOP-CTDC-2019-0061-C\u00a0de\u00a019 de septiembre\u00a0de 2019, misma que entr\u00f3 en vigencia desde el\u00a001 de octubre\u00a0de 2019, y se mantiene vigente a la fecha. OFICIO CIRCULARES VIGENTES OFICIOS CIRCULARES DEROGADOS SERCOP-CDI-2018-007 SERCOP-CTCON-2018-Nro 001 SERCOP-CDI-2018-005 SERCOP-CDI-2018-001 SERCOP-CDI-2018-004 SERCOP-CDI-2017-0113 SERCOP-CDI-2018-003 SERCOP-CDI-2017-089 SERCOP-CDI-2018-002 SERCOP-CDI-2017-055 SERCOP-CDI-2017-005&hellip; <a href=\"https:\/\/portal.compraspublicas.gob.ec\/sercop\/confeccion-textil-incoporacion-productos-prendas-de-vestir\/\">Read more &rarr;<\/a><\/p>\n","protected":false},"author":1,"featured_media":0,"parent":0,"menu_order":0,"comment_status":"closed","ping_status":"closed","template":"menugenerico.php","meta":[],"_links":{"self":[{"href":"https:\/\/portal.compraspublicas.gob.ec\/sercop\/wp-json\/wp\/v2\/pages\/20230"}],"collection":[{"href":"https:\/\/portal.compraspublicas.gob.ec\/sercop\/wp-json\/wp\/v2\/pages"}],"about":[{"href":"https:\/\/portal.compraspublicas.gob.ec\/sercop\/wp-json\/wp\/v2\/types\/page"}],"author":[{"embeddable":true,"href":"https:\/\/portal.compraspublicas.gob.ec\/sercop\/wp-json\/wp\/v2\/users\/1"}],"replies":[{"embeddable":true,"href":"https:\/\/portal.compraspublicas.gob.ec\/sercop\/wp-json\/wp\/v2\/comments?post=20230"}],"version-history":[{"count":19,"href":"https:\/\/portal.compraspublicas.gob.ec\/sercop\/wp-json\/wp\/v2\/pages\/20230\/revisions"}],"predecessor-version":[{"id":60362,"href":"https:\/\/portal.compraspublicas.gob.ec\/sercop\/wp-json\/wp\/v2\/pages\/20230\/revisions\/60362"}],"wp:attachment":[{"href":"https:\/\/portal.compraspublicas.gob.ec\/sercop\/wp-json\/wp\/v2\/media?parent=20230"}],"curies":[{"name":"wp","href":"https:\/\/api.w.org\/{rel}","templated":true}]}}